{"id":4207,"date":"2019-04-12T09:37:02","date_gmt":"2019-04-12T09:37:02","guid":{"rendered":"https:\/\/beyondsuncare.org\/hazte-socio\/"},"modified":"2019-07-15T16:02:12","modified_gmt":"2019-07-15T16:02:12","slug":"devenir-membre","status":"publish","type":"page","link":"https:\/\/beyondsuncare.org\/fr\/devenir-membre\/","title":{"rendered":"J\u2019adh\u00e8re \u00e0 l\u2019ONG"},"content":{"rendered":"<p>[vc_row][vc_column][rev_slider_vc alias=\u00a0\u00bbhazte-socio-frances\u00a0\u00bb][\/vc_column][\/vc_row][vc_row][vc_column css=\u00a0\u00bb.vc_custom_1559930792287{padding-right: 20px !important;padding-left: 20px !important;}\u00a0\u00bb col_shadow=\u00a0\u00bbbox_shadow_enable:disable|shadow_horizontal:0|shadow_vertical:15|shadow_blur:50|shadow_spread:0|box_shadow_color:rgba(0%2C0%2C0%2C0.35)\u00a0\u00bb col_shadow_hover=\u00a0\u00bbbox_shadow_enable:disable|shadow_horizontal:0|shadow_vertical:15|shadow_blur:50|shadow_spread:0|box_shadow_color:rgba(0%2C0%2C0%2C0.35)\u00a0\u00bb][dfd_spacer screen_wide_spacer_size=\u00a0\u00bb40&Prime; screen_normal_resolution=\u00a0\u00bb1024&Prime; screen_tablet_resolution=\u00a0\u00bb800&Prime; screen_mobile_resolution=\u00a0\u00bb480&Prime;][vc_column_text]En devenant membre de Beyond Suncare, vous soutenez nos actions en faveur des personnes atteintes d\u2019albinisme en Afrique, assurez leur acc\u00e8s \u00e0 la sant\u00e9 et les aider \u00e0 grandir dans un environnement o\u00f9 leurs droits sont respect\u00e9s.[\/vc_column_text][dfd_spacer screen_wide_spacer_size=\u00a0\u00bb40&Prime; screen_normal_resolution=\u00a0\u00bb1024&Prime; screen_tablet_resolution=\u00a0\u00bb800&Prime; screen_mobile_resolution=\u00a0\u00bb480&Prime;][\/vc_column][\/vc_row][vc_row force_equal_height_columns=\u00a0\u00bbmain_row\u00a0\u00bb css=\u00a0\u00bb.vc_custom_1559930804171{padding-right: 20px !important;padding-left: 20px !important;}\u00a0\u00bb][vc_column width=\u00a0\u00bb1\/6&Prime;][\/vc_column][vc_column width=\u00a0\u00bb2\/6&Prime;][vc_column_text css=\u00a0\u00bb.vc_custom_1562838239027{border-top-width: 3px !important;border-right-width: 3px !important;border-bottom-width: 3px !important;border-left-width: 3px !important;padding-top: 20px !important;padding-right: 20px !important;padding-bottom: 20px !important;padding-left: 20px !important;border-left-color: #f0d65a !important;border-left-style: solid !important;border-right-color: #f0d65a !important;border-right-style: solid !important;border-top-color: #f0d65a !important;border-top-style: solid !important;border-bottom-color: #f0d65a !important;border-bottom-style: solid !important;border-radius: 5px !important;}\u00a0\u00bb]Avec <strong>15 euros par mois,<\/strong> 3 personnes atteintes d&rsquo;albinisme en Afrique re\u00e7oivent notre cr\u00e8me solaire tr\u00e8s haute protection pendant un an.<\/p>\n<p>Avec <strong>30 euros par mois, <\/strong>le personnel sanitaire de 3 h\u00f4pitaux est form\u00e9 \u00e0 la pr\u00e9vention du cancer de la peau.<\/p>\n<p>Avec <strong>50 euros par mois,<\/strong>\u00a05 personnes atteintes d&rsquo;albinisme ont acc\u00e8s \u00e0 des services dermatologiques, au traitement des l\u00e9sions pr\u00e9canc\u00e9reuses et \u00e0 des sessions \u00e9ducatives pendant un an.<\/p>\n<p><strong>Autre montant<\/strong>: Toute contribution est importante.[\/vc_column_text][dfd_spacer screen_wide_spacer_size=\u00a0\u00bb40&Prime; screen_normal_resolution=\u00a0\u00bb1024&Prime; screen_tablet_resolution=\u00a0\u00bb800&Prime; screen_mobile_resolution=\u00a0\u00bb480&Prime;][\/vc_column][vc_column width=\u00a0\u00bb1\/3&Prime; offset=\u00a0\u00bbvc_hidden-sm vc_hidden-xs\u00a0\u00bb col_shadow=\u00a0\u00bbbox_shadow_enable:disable|shadow_horizontal:0|shadow_vertical:15|shadow_blur:50|shadow_spread:0|box_shadow_color:rgba(0%2C0%2C0%2C0.35)\u00a0\u00bb col_shadow_hover=\u00a0\u00bbbox_shadow_enable:disable|shadow_horizontal:0|shadow_vertical:15|shadow_blur:50|shadow_spread:0|box_shadow_color:rgba(0%2C0%2C0%2C0.35)\u00a0\u00bb][dfd_new_testimonials main_layout=\u00a0\u00bblayout-17&Prime; author=\u00a0\u00bbM\u00f3nica,\u00a0\u00bb subtitle=\u00a0\u00bbmembre\u00a0\u00bb description=\u00a0\u00bb\u201cEn tant que membre, j\u2019apporte mon grain de sable pour que les personnes atteintes d&rsquo;albinisme puissent vivre dans un environnement s\u00fbr, aient droit \u00e0 la sant\u00e9 et \u00e0 un avenir digne&#8230;en bref, qu&rsquo;ils puissent vivre librement comme tout \u00eatre humain.\u201d\u00a0\u00bb hide_shadow=\u00a0\u00bb\u00a0\u00bb show_triangle=\u00a0\u00bb\u00a0\u00bb image=\u00a0\u00bb2794&Prime; title_subtitle_nowrap=\u00a0\u00bbnowrap\u00a0\u00bb content_font_options=\u00a0\u00bbfont_size:16|color:%23000000|line_height:24|font_style_italic:1&Prime; title_font_options=\u00a0\u00bbtag:div|font_size:16&Prime; subtitle_font_options=\u00a0\u00bbtag:div|font_size:16&Prime; thumb_size=\u00a0\u00bb300&Prime;][dfd_spacer screen_wide_spacer_size=\u00a0\u00bb40&Prime; screen_normal_resolution=\u00a0\u00bb1024&Prime; screen_tablet_resolution=\u00a0\u00bb800&Prime; screen_mobile_resolution=\u00a0\u00bb480&Prime;][\/vc_column][vc_column width=\u00a0\u00bb1\/6&Prime;][\/vc_column][\/vc_row][vc_row][vc_column css=\u00a0\u00bb.vc_custom_1563206529476{padding-right: 20px !important;padding-left: 20px !important;}\u00a0\u00bb col_shadow=\u00a0\u00bbbox_shadow_enable:disable|shadow_horizontal:0|shadow_vertical:15|shadow_blur:50|shadow_spread:0|box_shadow_color:rgba(0%2C0%2C0%2C0.35)\u00a0\u00bb col_shadow_hover=\u00a0\u00bbbox_shadow_enable:disable|shadow_horizontal:0|shadow_vertical:15|shadow_blur:50|shadow_spread:0|box_shadow_color:rgba(0%2C0%2C0%2C0.35)\u00a0\u00bb][dfd_spacer screen_wide_spacer_size=\u00a0\u00bb40&Prime; screen_normal_resolution=\u00a0\u00bb1024&Prime; screen_tablet_resolution=\u00a0\u00bb800&Prime; screen_mobile_resolution=\u00a0\u00bb480&Prime;][vc_column_text]<\/p>\n<p style=\"text-align: center;\">Veuillez SVP remplir le formulaire ci-dessous pour devenir membre de Beyond Suncare:<\/p>\n<p>[\/vc_column_text][dfd_spacer screen_wide_spacer_size=\u00a0\u00bb40&Prime; screen_normal_resolution=\u00a0\u00bb1024&Prime; screen_tablet_resolution=\u00a0\u00bb800&Prime; screen_mobile_resolution=\u00a0\u00bb480&Prime;][\/vc_column][\/vc_row][vc_row css=\u00a0\u00bb.vc_custom_1559930816539{padding-right: 20px !important;padding-left: 20px !important;}\u00a0\u00bb][vc_column width=\u00a0\u00bb1\/4&Prime;][\/vc_column][vc_column width=\u00a0\u00bb1\/2&Prime;]\n<div class=\"wpcf7 no-js\" id=\"wpcf7-f4268-o1\" lang=\"\" dir=\"ltr\" data-wpcf7-id=\"4268\">\n<div class=\"screen-reader-response\"><p role=\"status\" aria-live=\"polite\" aria-atomic=\"true\"><\/p> <ul><\/ul><\/div>\n<form action=\"\/fr\/wp-json\/wp\/v2\/pages\/4207#wpcf7-f4268-o1\" method=\"post\" class=\"wpcf7-form init\" aria-label=\"Formulaire de contact\" novalidate=\"novalidate\" data-status=\"init\">\n<fieldset class=\"hidden-fields-container\"><input type=\"hidden\" name=\"_wpcf7\" value=\"4268\" \/><input type=\"hidden\" name=\"_wpcf7_version\" value=\"6.1.4\" \/><input type=\"hidden\" name=\"_wpcf7_locale\" value=\"\" \/><input type=\"hidden\" name=\"_wpcf7_unit_tag\" value=\"wpcf7-f4268-o1\" \/><input type=\"hidden\" name=\"_wpcf7_container_post\" value=\"0\" \/><input type=\"hidden\" name=\"_wpcf7_posted_data_hash\" value=\"\" \/><input type=\"hidden\" name=\"_wpcf7cf_hidden_group_fields\" value=\"[]\" \/><input type=\"hidden\" name=\"_wpcf7cf_hidden_groups\" value=\"[]\" \/><input type=\"hidden\" name=\"_wpcf7cf_visible_groups\" value=\"[]\" \/><input type=\"hidden\" name=\"_wpcf7cf_repeaters\" value=\"[]\" \/><input type=\"hidden\" name=\"_wpcf7cf_steps\" value=\"{}\" \/><input type=\"hidden\" name=\"_wpcf7cf_options\" value=\"{&quot;form_id&quot;:4268,&quot;conditions&quot;:[{&quot;then_field&quot;:&quot;donativo-opcional&quot;,&quot;and_rules&quot;:[{&quot;if_field&quot;:&quot;donativo&quot;,&quot;operator&quot;:&quot;equals&quot;,&quot;if_value&quot;:&quot;Autre montant&quot;}]}],&quot;settings&quot;:{&quot;animation&quot;:&quot;yes&quot;,&quot;animation_intime&quot;:200,&quot;animation_outtime&quot;:200,&quot;conditions_ui&quot;:&quot;normal&quot;,&quot;notice_dismissed&quot;:false,&quot;notice_dismissed_rollback-cf7-6.0.4&quot;:true}}\" \/><input type=\"hidden\" name=\"_wpcf7_recaptcha_response\" value=\"\" \/>\n<\/fieldset>\n<p><label> Nom et pr\u00e9nom<br \/>\n<span class=\"wpcf7-form-control-wrap\" data-name=\"your-name\"><input size=\"40\" maxlength=\"400\" class=\"wpcf7-form-control wpcf7-text wpcf7-validates-as-required\" aria-required=\"true\" aria-invalid=\"false\" value=\"\" type=\"text\" name=\"your-name\" \/><\/span> <\/label>\n<\/p>\n<p><label> Num\u00e9ro d'identification<br \/>\n<span class=\"wpcf7-form-control-wrap\" data-name=\"id\"><input size=\"40\" maxlength=\"400\" class=\"wpcf7-form-control wpcf7-text wpcf7-validates-as-required\" aria-required=\"true\" aria-invalid=\"false\" value=\"\" type=\"text\" name=\"id\" \/><\/span> <\/label>\n<\/p>\n<p><label> Email<br \/>\n<span class=\"wpcf7-form-control-wrap\" data-name=\"your-email\"><input size=\"40\" maxlength=\"400\" class=\"wpcf7-form-control wpcf7-email wpcf7-validates-as-required wpcf7-text wpcf7-validates-as-email\" aria-required=\"true\" aria-invalid=\"false\" value=\"\" type=\"email\" name=\"your-email\" \/><\/span> <\/label>\n<\/p>\n<p><label> T\u00e9l\u00e9phone<br \/>\n<span class=\"wpcf7-form-control-wrap\" data-name=\"telefono\"><input size=\"40\" maxlength=\"400\" class=\"wpcf7-form-control wpcf7-tel wpcf7-text wpcf7-validates-as-tel\" aria-invalid=\"false\" value=\"\" type=\"tel\" name=\"telefono\" \/><\/span> <\/label>\n<\/p>\n<p><label> Indiquez le montant de votre don mensuel<br \/>\n<span class=\"wpcf7-form-control-wrap\" data-name=\"donativo\"><select class=\"wpcf7-form-control wpcf7-select wpcf7-validates-as-required\" aria-required=\"true\" aria-invalid=\"false\" name=\"donativo\"><option value=\"15\u20ac\" selected=\"selected\">15\u20ac<\/option><option value=\"30\u20ac\">30\u20ac<\/option><option value=\"50\u20ac\">50\u20ac<\/option><option value=\"Autre montant\">Autre montant<\/option><\/select><\/span> <\/label>\n<\/p>\n<div data-id=\"donativo-opcional\" data-orig_data_id=\"donativo-opcional\"  class=\"\" data-class=\"wpcf7cf_group\">\n\t<p><label> Entrez votre don mensuel, en euros<br \/>\n<span class=\"wpcf7-form-control-wrap\" data-name=\"donativo-opcional\"><input size=\"40\" maxlength=\"400\" class=\"wpcf7-form-control wpcf7-text wpcf7-validates-as-required digits JVmin-10\" aria-required=\"true\" aria-invalid=\"false\" value=\"\" type=\"text\" name=\"donativo-opcional\" \/><\/span><\/label>\n\t<\/p>\n<\/div>\n<p><label> IBAN<br \/>\n<span class=\"wpcf7-form-control-wrap\" data-name=\"IBAN\"><input size=\"40\" maxlength=\"400\" class=\"wpcf7-form-control wpcf7-text wpcf7-validates-as-required iban\" aria-required=\"true\" aria-invalid=\"false\" value=\"\" type=\"text\" name=\"IBAN\" \/><\/span> <\/label>\n<\/p>\n<p><label> BIC\/SWIFT<br \/>\n<span class=\"wpcf7-form-control-wrap\" data-name=\"swift\"><input size=\"40\" maxlength=\"400\" class=\"wpcf7-form-control wpcf7-text wpcf7-validates-as-required\" aria-required=\"true\" aria-invalid=\"false\" value=\"\" type=\"text\" name=\"swift\" \/><\/span> <\/label>\n<\/p>\n<p>[mc4wp_checkbox]\n<\/p>\n<p><span class=\"wpcf7-form-control-wrap\" data-name=\"checkbox-470\"><span class=\"wpcf7-form-control wpcf7-checkbox wpcf7-validates-as-required\"><span class=\"wpcf7-list-item first last\"><input type=\"checkbox\" name=\"checkbox-470[]\" value=\"J&#039;accepte les conditions, en accord avec la politique de confidentialit\u00e9\" \/><span class=\"wpcf7-list-item-label\">J&#039;accepte les conditions, en accord avec la politique de confidentialit\u00e9<\/span><\/span><\/span><\/span>\n<\/p>\n<p style=\"font-size:12px;margin-bottom:0;line-height:18px;\"><strong>Gestionnaire du fichier <\/strong>: Beyond Suncare\n<\/p>\n<p style=\"font-size:12px;margin-bottom:0;line-height:18px;\"><strong>Objectif <\/strong>: G\u00e9rer et traiter votre demande et vous envoyer des informations - par email - sur les activit\u00e9s, les \u00e9v\u00e9nements et les actions\n<\/p>\n<p style=\"font-size:12px;margin-bottom:0;line-height:18px;\"><strong>L\u00e9gitimation <\/strong>: Consentement\n<\/p>\n<p style=\"font-size:12px;margin-bottom:0;line-height:18px;\"><strong>Destinataires <\/strong>: Les donn\u00e9es ne seront pas communiqu\u00e9es \u00e0 des tiers, \u00e0 l'exception de Mailchimp, dans les cas indiqu\u00e9s dans notre <a target=\"_blank\" href=\"\/fr\/politique-de-confidentialite\/\" style=\"text-decoration:underline\">politique de confidentialit\u00e9<\/a>.\n<\/p>\n<p style=\"font-size:12px;margin-bottom:0;line-height:18px;\"><strong>Droits <\/strong>: Acc\u00e9dez, rectifiez et supprimez les donn\u00e9es, ainsi que d'autres droits, comme expliqu\u00e9 dans l'information suppl\u00e9mentaire.\n<\/p>\n<p style=\"font-size:12px;margin-bottom:0;line-height:18px;\">En savoir plus sur notre <a target=\"_blank\" href=\"\/fr\/politique-de-confidentialite\/\" style=\"text-decoration:underline\">politique de confidentialit\u00e9<\/a>.\n<\/p>\n<p>&nbsp;\n<\/p>\n<p><input class=\"wpcf7-form-control wpcf7-submit has-spinner\" type=\"submit\" value=\"envoyer\" \/>\n<\/p><div class=\"wpcf7-response-output\" aria-hidden=\"true\"><\/div>\n<\/form>\n<\/div>\n[vc_column_text]Nous ne facturerons \u00e0 votre compte que le montant de votre don.<br \/>\nVous pouvez vous d\u00e9sinscrire \u00e0 tout moment.[\/vc_column_text][dfd_spacer screen_wide_spacer_size=\u00a0\u00bb40&Prime; screen_normal_resolution=\u00a0\u00bb1024&Prime; screen_tablet_resolution=\u00a0\u00bb800&Prime; screen_mobile_resolution=\u00a0\u00bb480&Prime;][\/vc_column][vc_column width=\u00a0\u00bb1\/4&Prime;][\/vc_column][\/vc_row][vc_row force_equal_height_columns=\u00a0\u00bbmain_row\u00a0\u00bb css=\u00a0\u00bb.vc_custom_1559930804171{padding-right: 20px !important;padding-left: 20px !important;}\u00a0\u00bb][vc_column offset=\u00a0\u00bbvc_hidden-lg vc_hidden-md\u00a0\u00bb col_shadow=\u00a0\u00bbbox_shadow_enable:disable|shadow_horizontal:0|shadow_vertical:15|shadow_blur:50|shadow_spread:0|box_shadow_color:rgba(0%2C0%2C0%2C0.35)\u00a0\u00bb col_shadow_hover=\u00a0\u00bbbox_shadow_enable:disable|shadow_horizontal:0|shadow_vertical:15|shadow_blur:50|shadow_spread:0|box_shadow_color:rgba(0%2C0%2C0%2C0.35)\u00a0\u00bb][dfd_new_testimonials main_layout=\u00a0\u00bblayout-17&Prime; author=\u00a0\u00bbM\u00f3nica,\u00a0\u00bb subtitle=\u00a0\u00bbmembre\u00a0\u00bb description=\u00a0\u00bb\u201cEn tant que membre, j\u2019apporte mon grain de sable pour que les personnes atteintes d&rsquo;albinisme puissent vivre dans un environnement s\u00fbr, aient droit \u00e0 la sant\u00e9 et \u00e0 un avenir digne&#8230;en bref, qu&rsquo;ils puissent vivre librement comme tout \u00eatre humain.\u201d\u00a0\u00bb hide_shadow=\u00a0\u00bb\u00a0\u00bb show_triangle=\u00a0\u00bb\u00a0\u00bb image=\u00a0\u00bb2794&Prime; title_subtitle_nowrap=\u00a0\u00bbnowrap\u00a0\u00bb content_font_options=\u00a0\u00bbfont_size:16|color:%23000000|line_height:24|font_style_italic:1&Prime; title_font_options=\u00a0\u00bbtag:div|font_size:16&Prime; subtitle_font_options=\u00a0\u00bbtag:div|font_size:16&Prime; thumb_size=\u00a0\u00bb300&Prime;][dfd_spacer screen_wide_spacer_size=\u00a0\u00bb40&Prime; screen_normal_resolution=\u00a0\u00bb1024&Prime; screen_tablet_resolution=\u00a0\u00bb800&Prime; screen_mobile_resolution=\u00a0\u00bb480&Prime;][\/vc_column][\/vc_row]<\/p>\n","protected":false},"excerpt":{"rendered":"<p>[vc_row][vc_column][rev_slider_vc alias=\u00a0\u00bbhazte-socio-frances\u00a0\u00bb][\/vc_column][\/vc_row][vc_row][vc_column css=\u00a0\u00bb.vc_custom_1559930792287{padding-right: 20px !important;padding-left: 20px !important;}\u00a0\u00bb col_shadow=\u00a0\u00bbbox_shadow_enable:disable|shadow_horizontal:0|shadow_vertical:15|shadow_blur:50|shadow_spread:0|box_shadow_color:rgba(0%2C0%2C0%2C0.35)\u00a0\u00bb col_shadow_hover=\u00a0\u00bbbox_shadow_enable:disable|shadow_horizontal:0|shadow_vertical:15|shadow_blur:50|shadow_spread:0|box_shadow_color:rgba(0%2C0%2C0%2C0.35)\u00a0\u00bb][dfd_spacer screen_wide_spacer_size=\u00a0\u00bb40&Prime; screen_normal_resolution=\u00a0\u00bb1024&Prime; screen_tablet_resolution=\u00a0\u00bb800&Prime; screen_mobile_resolution=\u00a0\u00bb480&Prime;][vc_column_text]En devenant membre de Beyond Suncare, vous soutenez nos actions en faveur des personnes atteintes d\u2019albinisme en Afrique,<\/p>\n","protected":false},"author":3,"featured_media":4208,"parent":0,"menu_order":0,"comment_status":"closed","ping_status":"closed","template":"tmp-page.php","meta":{"give_campaign_id":0,"footnotes":""},"class_list":["post-4207","page","type-page","status-publish","has-post-thumbnail","hentry"],"yoast_head":"<title>Devenir membre de Beyond Suncare<\/title>\n<meta name=\"description\" content=\"Devenez membre de Beyond Suncare et collaborez avec votre contribution mensuelle pour continuer \u00e0 am\u00e9liorer notre aide aux personnes atteintes d&#039;albinisme en Afrique.\" \/>\n<meta name=\"robots\" content=\"index, follow, max-snippet:-1, max-image-preview:large, max-video-preview:-1\" \/>\n<link rel=\"canonical\" href=\"https:\/\/beyondsuncare.org\/fr\/devenir-membre\/\" \/>\n<meta property=\"og:locale\" content=\"fr_FR\" \/>\n<meta property=\"og:type\" content=\"article\" \/>\n<meta property=\"og:title\" content=\"Devenir membre de Beyond Suncare\" \/>\n<meta property=\"og:description\" content=\"Devenez membre de Beyond Suncare et collaborez avec votre contribution mensuelle pour continuer \u00e0 am\u00e9liorer notre aide aux personnes atteintes d&#039;albinisme en Afrique.\" \/>\n<meta property=\"og:url\" content=\"https:\/\/beyondsuncare.org\/fr\/devenir-membre\/\" \/>\n<meta property=\"og:site_name\" content=\"Beyond suncare\" \/>\n<meta property=\"article:publisher\" content=\"https:\/\/www.facebook.com\/beyondsuncare\" \/>\n<meta property=\"article:modified_time\" content=\"2019-07-15T16:02:12+00:00\" \/>\n<meta property=\"og:image\" content=\"https:\/\/beyondsuncare.org\/wp-content\/uploads\/2019\/06\/hazte-socio-portada.jpg\" \/>\n\t<meta property=\"og:image:width\" content=\"2048\" \/>\n\t<meta property=\"og:image:height\" content=\"1200\" \/>\n\t<meta property=\"og:image:type\" content=\"image\/jpeg\" \/>\n<meta name=\"twitter:card\" content=\"summary_large_image\" \/>\n<meta name=\"twitter:site\" content=\"@beyondsuncare\" \/>\n<meta name=\"twitter:label1\" content=\"Dur\u00e9e de lecture estim\u00e9e\" \/>\n\t<meta name=\"twitter:data1\" content=\"4 minutes\" \/>\n<script type=\"application\/ld+json\" class=\"yoast-schema-graph\">{\"@context\":\"https:\/\/schema.org\",\"@graph\":[{\"@type\":\"WebPage\",\"@id\":\"https:\/\/beyondsuncare.org\/fr\/devenir-membre\/\",\"url\":\"https:\/\/beyondsuncare.org\/fr\/devenir-membre\/\",\"name\":\"Devenir membre de Beyond Suncare\",\"isPartOf\":{\"@id\":\"https:\/\/beyondsuncare.org\/fr\/#website\"},\"primaryImageOfPage\":{\"@id\":\"https:\/\/beyondsuncare.org\/fr\/devenir-membre\/#primaryimage\"},\"image\":{\"@id\":\"https:\/\/beyondsuncare.org\/fr\/devenir-membre\/#primaryimage\"},\"thumbnailUrl\":\"https:\/\/beyondsuncare.org\/wp-content\/uploads\/2019\/06\/hazte-socio-portada.jpg\",\"datePublished\":\"2019-04-12T09:37:02+00:00\",\"dateModified\":\"2019-07-15T16:02:12+00:00\",\"description\":\"Devenez membre de Beyond Suncare et collaborez avec votre contribution mensuelle pour continuer \u00e0 am\u00e9liorer notre aide aux personnes atteintes d'albinisme en Afrique.\",\"breadcrumb\":{\"@id\":\"https:\/\/beyondsuncare.org\/fr\/devenir-membre\/#breadcrumb\"},\"inLanguage\":\"fr-FR\",\"potentialAction\":[{\"@type\":\"ReadAction\",\"target\":[\"https:\/\/beyondsuncare.org\/fr\/devenir-membre\/\"]}]},{\"@type\":\"ImageObject\",\"inLanguage\":\"fr-FR\",\"@id\":\"https:\/\/beyondsuncare.org\/fr\/devenir-membre\/#primaryimage\",\"url\":\"https:\/\/beyondsuncare.org\/wp-content\/uploads\/2019\/06\/hazte-socio-portada.jpg\",\"contentUrl\":\"https:\/\/beyondsuncare.org\/wp-content\/uploads\/2019\/06\/hazte-socio-portada.jpg\",\"width\":2048,\"height\":1200},{\"@type\":\"BreadcrumbList\",\"@id\":\"https:\/\/beyondsuncare.org\/fr\/devenir-membre\/#breadcrumb\",\"itemListElement\":[{\"@type\":\"ListItem\",\"position\":1,\"name\":\"Portada\",\"item\":\"https:\/\/beyondsuncare.org\/fr\/\"},{\"@type\":\"ListItem\",\"position\":2,\"name\":\"J\u2019adh\u00e8re \u00e0 l\u2019ONG\"}]},{\"@type\":\"WebSite\",\"@id\":\"https:\/\/beyondsuncare.org\/fr\/#website\",\"url\":\"https:\/\/beyondsuncare.org\/fr\/\",\"name\":\"Beyond suncare\",\"description\":\"Desde hace m\u00e1s de 10 a\u00f1os trabajamos cada d\u00eda para asegurar que todas las personas con albinismo vivan protegidas frente al c\u00e1ncer de piel y todo tipo de discriminaci\u00f3n\",\"publisher\":{\"@id\":\"https:\/\/beyondsuncare.org\/fr\/#organization\"},\"potentialAction\":[{\"@type\":\"SearchAction\",\"target\":{\"@type\":\"EntryPoint\",\"urlTemplate\":\"https:\/\/beyondsuncare.org\/fr\/?s={search_term_string}\"},\"query-input\":{\"@type\":\"PropertyValueSpecification\",\"valueRequired\":true,\"valueName\":\"search_term_string\"}}],\"inLanguage\":\"fr-FR\"},{\"@type\":\"Organization\",\"@id\":\"https:\/\/beyondsuncare.org\/fr\/#organization\",\"name\":\"Beyond Suncare\",\"url\":\"https:\/\/beyondsuncare.org\/fr\/\",\"logo\":{\"@type\":\"ImageObject\",\"inLanguage\":\"fr-FR\",\"@id\":\"https:\/\/beyondsuncare.org\/fr\/#\/schema\/logo\/image\/\",\"url\":\"https:\/\/beyondsuncare.org\/wp-content\/uploads\/2019\/04\/beyond-suncare-fondo-transparente.png\",\"contentUrl\":\"https:\/\/beyondsuncare.org\/wp-content\/uploads\/2019\/04\/beyond-suncare-fondo-transparente.png\",\"width\":218,\"height\":80,\"caption\":\"Beyond Suncare\"},\"image\":{\"@id\":\"https:\/\/beyondsuncare.org\/fr\/#\/schema\/logo\/image\/\"},\"sameAs\":[\"https:\/\/www.facebook.com\/beyondsuncare\",\"https:\/\/x.com\/beyondsuncare\",\"https:\/\/www.instagram.com\/beyond_suncare\/\",\"https:\/\/www.linkedin.com\/company\/beyond-suncare\/\"]}]}<\/script>","yoast_head_json":{"title":"Devenir membre de Beyond Suncare","description":"Devenez membre de Beyond Suncare et collaborez avec votre contribution mensuelle pour continuer \u00e0 am\u00e9liorer notre aide aux personnes atteintes d'albinisme en Afrique.","robots":{"index":"index","follow":"follow","max-snippet":"max-snippet:-1","max-image-preview":"max-image-preview:large","max-video-preview":"max-video-preview:-1"},"canonical":"https:\/\/beyondsuncare.org\/fr\/devenir-membre\/","og_locale":"fr_FR","og_type":"article","og_title":"Devenir membre de Beyond Suncare","og_description":"Devenez membre de Beyond Suncare et collaborez avec votre contribution mensuelle pour continuer \u00e0 am\u00e9liorer notre aide aux personnes atteintes d'albinisme en Afrique.","og_url":"https:\/\/beyondsuncare.org\/fr\/devenir-membre\/","og_site_name":"Beyond suncare","article_publisher":"https:\/\/www.facebook.com\/beyondsuncare","article_modified_time":"2019-07-15T16:02:12+00:00","og_image":[{"width":2048,"height":1200,"url":"https:\/\/beyondsuncare.org\/wp-content\/uploads\/2019\/06\/hazte-socio-portada.jpg","type":"image\/jpeg"}],"twitter_card":"summary_large_image","twitter_site":"@beyondsuncare","twitter_misc":{"Dur\u00e9e de lecture estim\u00e9e":"4 minutes"},"schema":{"@context":"https:\/\/schema.org","@graph":[{"@type":"WebPage","@id":"https:\/\/beyondsuncare.org\/fr\/devenir-membre\/","url":"https:\/\/beyondsuncare.org\/fr\/devenir-membre\/","name":"Devenir membre de Beyond Suncare","isPartOf":{"@id":"https:\/\/beyondsuncare.org\/fr\/#website"},"primaryImageOfPage":{"@id":"https:\/\/beyondsuncare.org\/fr\/devenir-membre\/#primaryimage"},"image":{"@id":"https:\/\/beyondsuncare.org\/fr\/devenir-membre\/#primaryimage"},"thumbnailUrl":"https:\/\/beyondsuncare.org\/wp-content\/uploads\/2019\/06\/hazte-socio-portada.jpg","datePublished":"2019-04-12T09:37:02+00:00","dateModified":"2019-07-15T16:02:12+00:00","description":"Devenez membre de Beyond Suncare et collaborez avec votre contribution mensuelle pour continuer \u00e0 am\u00e9liorer notre aide aux personnes atteintes d'albinisme en Afrique.","breadcrumb":{"@id":"https:\/\/beyondsuncare.org\/fr\/devenir-membre\/#breadcrumb"},"inLanguage":"fr-FR","potentialAction":[{"@type":"ReadAction","target":["https:\/\/beyondsuncare.org\/fr\/devenir-membre\/"]}]},{"@type":"ImageObject","inLanguage":"fr-FR","@id":"https:\/\/beyondsuncare.org\/fr\/devenir-membre\/#primaryimage","url":"https:\/\/beyondsuncare.org\/wp-content\/uploads\/2019\/06\/hazte-socio-portada.jpg","contentUrl":"https:\/\/beyondsuncare.org\/wp-content\/uploads\/2019\/06\/hazte-socio-portada.jpg","width":2048,"height":1200},{"@type":"BreadcrumbList","@id":"https:\/\/beyondsuncare.org\/fr\/devenir-membre\/#breadcrumb","itemListElement":[{"@type":"ListItem","position":1,"name":"Portada","item":"https:\/\/beyondsuncare.org\/fr\/"},{"@type":"ListItem","position":2,"name":"J\u2019adh\u00e8re \u00e0 l\u2019ONG"}]},{"@type":"WebSite","@id":"https:\/\/beyondsuncare.org\/fr\/#website","url":"https:\/\/beyondsuncare.org\/fr\/","name":"Beyond suncare","description":"Desde hace m\u00e1s de 10 a\u00f1os trabajamos cada d\u00eda para asegurar que todas las personas con albinismo vivan protegidas frente al c\u00e1ncer de piel y todo tipo de discriminaci\u00f3n","publisher":{"@id":"https:\/\/beyondsuncare.org\/fr\/#organization"},"potentialAction":[{"@type":"SearchAction","target":{"@type":"EntryPoint","urlTemplate":"https:\/\/beyondsuncare.org\/fr\/?s={search_term_string}"},"query-input":{"@type":"PropertyValueSpecification","valueRequired":true,"valueName":"search_term_string"}}],"inLanguage":"fr-FR"},{"@type":"Organization","@id":"https:\/\/beyondsuncare.org\/fr\/#organization","name":"Beyond Suncare","url":"https:\/\/beyondsuncare.org\/fr\/","logo":{"@type":"ImageObject","inLanguage":"fr-FR","@id":"https:\/\/beyondsuncare.org\/fr\/#\/schema\/logo\/image\/","url":"https:\/\/beyondsuncare.org\/wp-content\/uploads\/2019\/04\/beyond-suncare-fondo-transparente.png","contentUrl":"https:\/\/beyondsuncare.org\/wp-content\/uploads\/2019\/04\/beyond-suncare-fondo-transparente.png","width":218,"height":80,"caption":"Beyond Suncare"},"image":{"@id":"https:\/\/beyondsuncare.org\/fr\/#\/schema\/logo\/image\/"},"sameAs":["https:\/\/www.facebook.com\/beyondsuncare","https:\/\/x.com\/beyondsuncare","https:\/\/www.instagram.com\/beyond_suncare\/","https:\/\/www.linkedin.com\/company\/beyond-suncare\/"]}]}},"campaignId":"","_links":{"self":[{"href":"https:\/\/beyondsuncare.org\/fr\/wp-json\/wp\/v2\/pages\/4207","targetHints":{"allow":["GET"]}}],"collection":[{"href":"https:\/\/beyondsuncare.org\/fr\/wp-json\/wp\/v2\/pages"}],"about":[{"href":"https:\/\/beyondsuncare.org\/fr\/wp-json\/wp\/v2\/types\/page"}],"author":[{"embeddable":true,"href":"https:\/\/beyondsuncare.org\/fr\/wp-json\/wp\/v2\/users\/3"}],"replies":[{"embeddable":true,"href":"https:\/\/beyondsuncare.org\/fr\/wp-json\/wp\/v2\/comments?post=4207"}],"version-history":[{"count":10,"href":"https:\/\/beyondsuncare.org\/fr\/wp-json\/wp\/v2\/pages\/4207\/revisions"}],"predecessor-version":[{"id":4367,"href":"https:\/\/beyondsuncare.org\/fr\/wp-json\/wp\/v2\/pages\/4207\/revisions\/4367"}],"wp:featuredmedia":[{"embeddable":true,"href":"https:\/\/beyondsuncare.org\/fr\/wp-json\/wp\/v2\/media\/4208"}],"wp:attachment":[{"href":"https:\/\/beyondsuncare.org\/fr\/wp-json\/wp\/v2\/media?parent=4207"}],"curies":[{"name":"wp","href":"https:\/\/api.w.org\/{rel}","templated":true}]}}